{"id":73,"date":"2017-08-07T15:56:00","date_gmt":"2017-08-07T15:56:00","guid":{"rendered":"http:\/\/www.skolabezhranic.cz\/msec\/?page_id=73"},"modified":"2026-01-07T22:40:28","modified_gmt":"2026-01-07T21:40:28","slug":"skolska-rada","status":"publish","type":"page","link":"https:\/\/www.skolabezhranic.cz\/msec\/index.php\/skolska-rada\/","title":{"rendered":"\u0160kolsk\u00e1 rada"},"content":{"rendered":"<p>Z\u0159izovac\u00ed listinou ze dne 25. 2. 2014 byla z\u0159\u00edzena \u0161kolsk\u00e1 rada p\u0159i Z\u0160 a M\u0160 Bez hranic.<\/p>\n<h5>\u0160kolsk\u00e1 rada m\u00e1 6 \u010dlen\u016f:<\/h5>\n<div style=\"color: #dd3333;\">\n<p><strong>2 \u010dlenov\u00e9 byli jmenov\u00e1ni z\u0159izovatelem (DSO Bez hranic):<br \/>\n<\/strong><strong style=\"color: #333333;\">Tom\u00e1\u0161 Rosenbaum, DiS.<\/strong><span style=\"color: #333333;\">, starosta m\u011bstyse M\u0161ec a p\u0159edseda DSO Bez hranic,<br \/>\n<\/span><em style=\"color: #333333;\"><strong>e-mail:<\/strong><\/em><span style=\"color: #333333;\">\u00a0\u00a0<\/span><span style=\"text-decoration: underline;\"><span style=\"color: #0000ff; text-decoration: underline;\">starosta@obecmsec.cz<br \/>\n<\/span><\/span><strong style=\"color: #333333;\">Ing. Kamila Baloun &#8211; <\/strong><span style=\"color: #000000;\"> za obec <\/span><span style=\"color: #333333;\">Tu\u0159any,\u00a0<\/span><em style=\"color: #333333;\"><strong>e-mail: <\/strong><\/em><a href=\"kamila.baloun@seznam.cz\"><span style=\"color: #333333;\"><span data-hovercard-id=\"kamila.baloun@seznam.cz\" data-hovercard-owner-id=\"94\">kamila.baloun@seznam.cz<\/span>,<\/span><\/a><\/p>\n<\/div>\n<div style=\"color: #dd3333;\"><strong>2 \u010dlenov\u00e9 byli zvoleni z\u00e1konn\u00fdmi z\u00e1stupci \u017e\u00e1k\u016f:<\/strong><\/div>\n<div>\n<div><strong>Mgr. Alena Ho\u0161kov\u00e1<\/strong>,\u00a0 <em><strong>e-mail: <\/strong><\/em><a href=\"mailto:petalenka@email.cz\">petalenka@email.cz<\/a><span style=\"color: #0000ff;\"><u><br \/>\n<\/u><\/span><strong>Petra Nedv\u011bdov\u00e1<\/strong>, <em><strong>e-mail:<\/strong><\/em> <a href=\"mailto:petra.redlova@gmail.com\" target=\"_blank\" rel=\"noopener\">petra.redlova@gmail.com<\/a><\/div>\n<\/div>\n<div style=\"color: #dd3333;\"><strong><br \/>\n2 \u010dlenov\u00e9 byli zvoleni pedagogick\u00fdmi pracovn\u00edky:<\/strong><\/div>\n<div>\n<div><strong>Ing. Eva Slav\u00edkov\u00e1<\/strong>, za Z\u0160 M\u0161ec, <em><strong>e-mail:<\/strong><\/em><strong>\u00a0<\/strong> <span style=\"text-decoration: underline;\"><span style=\"color: #0000ff; text-decoration: underline;\">slavikova@skolabezhranic.cz<br \/>\n<\/span><\/span><strong>Mgr. Tereza Sachlov\u00e1<\/strong>, za Z\u0160 Tu\u0159any,\u00a0<strong>e-mail:\u00a0<\/strong><span style=\"text-decoration: underline; color: #0000ff;\">sachlova@skolabezhranic.cz<\/span><\/div>\n<\/div>\n<h5 style=\"color: #dd3333;\">Z\u00e1pisy ze zased\u00e1n\u00ed \u0161kolsk\u00e9 rady:<\/h5>\n<ul>\n<li><a href=\"https:\/\/www.skolabezhranic.cz\/msec\/wp-content\/uploads\/2026\/01\/20260107203004027.pdf\">23. zased\u00e1n\u00ed ze dne 7. 1. 2026<\/a><\/li>\n<li><a href=\"https:\/\/www.skolabezhranic.cz\/msec\/wp-content\/uploads\/2025\/10\/20251016062218403.pdf\">22. zased\u00e1n\u00ed ze dne 15. 10. 2025<\/a><\/li>\n<li><a href=\"https:\/\/www.skolabezhranic.cz\/msec\/wp-content\/uploads\/2025\/04\/20250424212257439.pdf\">21. zased\u00e1n\u00ed ze dne 24. 4. 2025<\/a><\/li>\n<li><a href=\"https:\/\/www.skolabezhranic.cz\/msec\/wp-content\/uploads\/2024\/10\/20241024110329084.pdf\">20. zased\u00e1n\u00ed ze dne 23. 10. 2024<\/a><\/li>\n<li><a href=\"https:\/\/www.skolabezhranic.cz\/msec\/wp-content\/uploads\/2024\/01\/20240125094417352.pdf\">19. zased\u00e1n\u00ed ze dne 11. 1. 2024<\/a><\/li>\n<li><a href=\"https:\/\/www.skolabezhranic.cz\/msec\/wp-content\/uploads\/2023\/09\/20230906124931416.pdf\">18. zased\u00e1n\u00ed ze dne 4. 9. 2023<\/a><\/li>\n<li><a href=\"https:\/\/www.skolabezhranic.cz\/msec\/wp-content\/uploads\/2023\/03\/20230320073029847.pdf\">17. zased\u00e1n\u00ed ze dne 9. 3. 2023<\/a><\/li>\n<li><a href=\"https:\/\/www.skolabezhranic.cz\/msec\/wp-content\/uploads\/2022\/10\/20221006145525914.pdf\">16. zased\u00e1n\u00ed ze dne 28. 6. 2022<\/a><\/li>\n<li><a href=\"https:\/\/www.skolabezhranic.cz\/msec\/wp-content\/uploads\/2022\/01\/20220112134808173.pdf\">15. zased\u00e1n\u00ed ze dne 6. 1. 2022<\/a><\/li>\n<li>14. zased\u00e1n\u00ed (on-line) 9. 9. 2021<\/li>\n<li>13. zased\u00e1n\u00ed (on-line) 22. 2. 2021<\/li>\n<li>12. zased\u00e1n\u00ed (on-line) 20. 11. 2020<\/li>\n<li>11. zased\u00e1n\u00ed (on-line) 18. 3. 2020<\/li>\n<li><a href=\"https:\/\/www.skolabezhranic.cz\/msec\/wp-content\/uploads\/2017\/08\/20200108153308911.pdf\">10. zased\u00e1n\u00ed ze dne 19. 12. 2019<\/a><\/li>\n<li><a href=\"https:\/\/www.skolabezhranic.cz\/msec\/wp-content\/uploads\/2017\/08\/9.-zased\u00e1n\u00ed-25_9_2018-.pdf\">9. zased\u00e1n\u00ed ze dne 25. 9. 2018<\/a><\/li>\n<li><a href=\"https:\/\/www.skolabezhranic.cz\/msec\/wp-content\/uploads\/2017\/08\/8.-zased\u00e1n\u00ed-ze-dne-12_12_2017-.pdf\">8. zased\u00e1n\u00ed ze dne 12. 12. 2017<\/a><\/li>\n<li><a href=\"https:\/\/www.skolabezhranic.cz\/msec\/wp-content\/uploads\/2017\/08\/7.-zased\u00e1n\u00ed-ze-dne-18_5_2017.pdf\">7. zased\u00e1n\u00ed ze dne 18. 5. 2017<\/a><\/li>\n<li><a href=\"https:\/\/www.skolabezhranic.cz\/msec\/wp-content\/uploads\/2017\/08\/skolska-rada-13.12.2016.pdf\">6. zased\u00e1n\u00ed ze dne 13. 12. 2016<\/a><\/li>\n<li><a href=\"https:\/\/www.skolabezhranic.cz\/msec\/wp-content\/uploads\/2017\/08\/skolska-rada-25.8.2016.pdf\">5. zased\u00e1n\u00ed ze dne 25. 8. 2016<\/a><\/li>\n<li><a href=\"https:\/\/www.skolabezhranic.cz\/msec\/wp-content\/uploads\/2017\/08\/4_zasedani-3.12.2015-1.pdf\">4. zased\u00e1n\u00ed ze dne 3. 12. 2015<\/a><\/li>\n<li><a href=\"https:\/\/www.skolabezhranic.cz\/msec\/wp-content\/uploads\/2017\/08\/3_zasedani-22.10.2014-1.pdf\">3. zased\u00e1n\u00ed ze dne 22. 10. 2014<\/a><\/li>\n<li><a href=\"https:\/\/www.skolabezhranic.cz\/msec\/wp-content\/uploads\/2017\/08\/2-zasedani-28.8.2014-1.pdf\">2. zased\u00e1n\u00ed ze dne 28. 8. 2014<\/a><\/li>\n<li><a href=\"https:\/\/www.skolabezhranic.cz\/msec\/wp-content\/uploads\/2017\/08\/1_zasedani-17.6.2014-1.pdf\">1. zased\u00e1n\u00ed ze dne 17. 6. 2014<\/a><\/li>\n<\/ul>\n","protected":false},"excerpt":{"rendered":"<p>Z\u0159izovac\u00ed listinou ze dne 25. 2. 2014 byla z\u0159\u00edzena \u0161kolsk\u00e1 rada p\u0159i Z\u0160 a M\u0160 Bez hranic. \u0160kolsk\u00e1 rada m\u00e1 6 \u010dlen\u016f: 2 \u010dlenov\u00e9 byli jmenov\u00e1ni z\u0159izovatelem (DSO Bez hranic): Tom\u00e1\u0161 Rosenbaum, DiS., starosta m\u011bstyse M\u0161ec a p\u0159edseda DSO Bez hranic, e-mail:\u00a0\u00a0starosta@obecmsec.cz Ing. Kamila Baloun &#8211; za obec Tu\u0159any,\u00a0e-mail: kamila.baloun@seznam.cz,&#46;&#46;&#46;<\/p>\n","protected":false},"author":2,"featured_media":0,"parent":0,"menu_order":0,"comment_status":"closed","ping_status":"closed","template":"","meta":{"footnotes":""},"class_list":["post-73","page","type-page","status-publish","hentry"],"_links":{"self":[{"href":"https:\/\/www.skolabezhranic.cz\/msec\/index.php\/wp-json\/wp\/v2\/pages\/73","targetHints":{"allow":["GET"]}}],"collection":[{"href":"https:\/\/www.skolabezhranic.cz\/msec\/index.php\/wp-json\/wp\/v2\/pages"}],"about":[{"href":"https:\/\/www.skolabezhranic.cz\/msec\/index.php\/wp-json\/wp\/v2\/types\/page"}],"author":[{"embeddable":true,"href":"https:\/\/www.skolabezhranic.cz\/msec\/index.php\/wp-json\/wp\/v2\/users\/2"}],"replies":[{"embeddable":true,"href":"https:\/\/www.skolabezhranic.cz\/msec\/index.php\/wp-json\/wp\/v2\/comments?post=73"}],"version-history":[{"count":37,"href":"https:\/\/www.skolabezhranic.cz\/msec\/index.php\/wp-json\/wp\/v2\/pages\/73\/revisions"}],"predecessor-version":[{"id":8913,"href":"https:\/\/www.skolabezhranic.cz\/msec\/index.php\/wp-json\/wp\/v2\/pages\/73\/revisions\/8913"}],"wp:attachment":[{"href":"https:\/\/www.skolabezhranic.cz\/msec\/index.php\/wp-json\/wp\/v2\/media?parent=73"}],"curies":[{"name":"wp","href":"https:\/\/api.w.org\/{rel}","templated":true}]}}