{"id":6293,"date":"2023-01-04T16:29:52","date_gmt":"2023-01-04T15:29:52","guid":{"rendered":"https:\/\/www.skolabezhranic.cz\/msec\/?page_id=6293"},"modified":"2026-09-01T20:25:37","modified_gmt":"2026-09-01T19:25:37","slug":"2-stupen","status":"publish","type":"page","link":"https:\/\/www.skolabezhranic.cz\/msec\/index.php\/2-stupen\/","title":{"rendered":"2. stupe\u0148"},"content":{"rendered":"\r\n<div class=\"wp-block-group\"><div class=\"wp-block-group__inner-container is-layout-constrained wp-block-group-is-layout-constrained\">\r\n<h1><span style=\"color: #ff0000;\"><a style=\"color: #ff0000;\" href=\"https:\/\/www.skolabezhranic.cz\/msec\/wp-content\/uploads\/2022\/08\/Dopis-rodicum-platby.pdf\">Informace o platb\u00e1ch<\/a><\/span><\/h1>\r\n<p><a href=\"https:\/\/www.skolabezhranic.cz\/msec\/wp-content\/uploads\/2026\/06\/Seznam-sesitu-a-pomucek-na-skolni-rok-2026_2027-II.st_.ZS_.pdf\"><span style=\"text-decoration: underline;\"><strong>SEZNAM POM\u016eCEK A SE\u0160IT\u016e pro \u017e\u00e1ky II. stupn\u011b na \u0161k.rok 2026\/2027<\/strong><\/span><\/a><\/p>\r\n<p><a href=\"https:\/\/www.skolabezhranic.cz\/msec\/wp-content\/uploads\/2026\/09\/organizace-sk-roku-.docx.pdf\">Pr\u00e1zdniny ve \u0161koln\u00ed roce 2026\/2027<\/a><\/p>\r\n<\/div>\r\n<p><span style=\"text-decoration: underline;\"><strong>Rozvrhy 2026\/2027:<br \/><\/strong><\/span><strong><a href=\"https:\/\/www.skolabezhranic.cz\/msec\/wp-content\/uploads\/2026\/09\/VI.A.pdf\">VI.A\u00a0<\/a> \u00a0 \u00a0 \u00a0 \u00a0<\/strong><strong><a href=\"https:\/\/www.skolabezhranic.cz\/msec\/wp-content\/uploads\/2026\/09\/VI.B.pdf\">VI.B<\/a>\u00a0 \u00a0 \u00a0 <a href=\"https:\/\/www.skolabezhranic.cz\/msec\/wp-content\/uploads\/2026\/09\/VII.A.pdf\">\u00a0VII.A<\/a>\u00a0 \u00a0 \u00a0 \u00a0 <a href=\"https:\/\/www.skolabezhranic.cz\/msec\/wp-content\/uploads\/2026\/09\/VII.B.pdf\">\u00a0VII.B<\/a>\u00a0 \u00a0 \u00a0 \u00a0 \u00a0<a href=\"https:\/\/www.skolabezhranic.cz\/msec\/wp-content\/uploads\/2026\/09\/VIII.A.pdf\"> VIII.A\u00a0<\/a> \u00a0 \u00a0 <a href=\"https:\/\/www.skolabezhranic.cz\/msec\/wp-content\/uploads\/2026\/09\/VIII.B.pdf\">\u00a0VIII.B<\/a>\u00a0 \u00a0 \u00a0 \u00a0<a href=\"https:\/\/www.skolabezhranic.cz\/msec\/wp-content\/uploads\/2026\/09\/IX.M.pdf\">IX.M<\/a><\/strong><\/p>\r\n<p><span style=\"text-decoration: underline;\"><strong>PL\u00c1N AKC\u00cd 2026\/2027:<\/strong><\/span><\/p>\r\n<ul>\r\n<li>Slavnostn\u00ed zah\u00e1jen\u00ed \u0161k.roku 2026\/2027 &#8211; 1. 9. 2026 (7,40 &#8211; 8,30)<\/li>\r\n<li>T\u0159\u00eddnick\u00e9 dny &#8211; 2. &#8211; 3. 9. 2026 (5 vyu\u010dovac\u00edch hodin)<\/li>\r\n<\/ul>\r\n<p><span style=\"text-decoration: underline;\"><strong>UPLYNUL\u00c9 AKCE 2025\/2026:<\/strong><\/span><\/p>\r\n<ul>\r\n<li>Letn\u00ed pr\u00e1zdniny 29. 6. &#8211; 31. 8. 2026<\/li>\r\n<li>Relax day &#8211; 25. 6. 2026<\/li>\r\n<li>Slavnostn\u00ed rozlou\u010den\u00ed \u017e\u00e1k\u016f 9.t\u0159\u00eddy &#8211; 24. 6. 2026<\/li>\r\n<li>\u0160kola v p\u0159\u00edrod\u011b (8. &#8211; 12. 6. 2026)<\/li>\r\n<li>ODM (Olympi\u00e1da d\u011bt\u00ed a ml\u00e1de\u017ee) &#8211; 28. 5. 2026<\/li>\r\n<li>JPZ (\u017e\u00e1ci 9.ro\u010dn\u00edku &#8211; 10. a 13. 4. 2026)<\/li>\r\n<li>Velikono\u010dn\u00ed pr\u00e1zdniny (2. &#8211; 6. 4. 2026)<\/li>\r\n<li>Velikono\u010dn\u00ed jarmark (31. 3. 2026)<\/li>\r\n<li>Plazi a oboj\u017eiveln\u00edci (10. 3. 2026)<\/li>\r\n<li>Jarn\u00ed pr\u00e1zdniny (2. &#8211; 6. 3. 2026)<\/li>\r\n<li>Ly\u017ea\u0159sk\u00fd v\u00fdcvik (8. &#8211; 13. 2. 2026)<\/li>\r\n<li>Klub mlad\u00e9ho div\u00e1ka &#8211; Gulliverovy cesty (2. 2. 2026)<\/li>\r\n<li>Pololetn\u00ed pr\u00e1zdniny (30. 1. 2026)<\/li>\r\n<li>P\u0159ij\u00edma\u010dky nane\u010disto (9. ro\u010dn\u00edk &#8211; 28. 1. 2026) v Z\u0160 \u0158evni\u010dov<\/li>\r\n<li>Bruslen\u00ed Slan\u00fd (27. 1. 2026)<\/li>\r\n<li>T\u0159\u00eddn\u00ed sch\u016fzky &#8211; 15. 1. 2026<\/li>\r\n<li>Den s roboty 4. &#8211; 9.t\u0159\u00edda (5. 1. 2026)<\/li>\r\n<li>V\u00e1no\u010dn\u00ed pr\u00e1zdniny (22. 12. 2025 &#8211; 4. 1. 2026)<\/li>\r\n<li>Klub mlad\u00e9ho div\u00e1ka &#8211; Tesla (18. 12. 2025)<\/li>\r\n<li>T\u0159in\u00e1ct\u00e1 l\u00e1ska &#8211; Hudebn\u00ed dovadlo Karl\u00edn (11. 12. 2025)<\/li>\r\n<li>Sb\u011br pap\u00edru a hlin\u00edku (24. &#8211; 28. 11. 2025)<\/li>\r\n<li>Barevn\u00fd t\u00fdden (24. &#8211; 28. 11. 2025)<\/li>\r\n<li>T\u0159\u00eddn\u00ed sch\u016fzky (od 18,00) a \u010dtvrtletn\u00ed pedagogick\u00e1 rada &#8211; 20. 11. 2025<\/li>\r\n<li>\u010cNB Praha &#8211; v\u00fdstava: Lid\u00e9 a pen\u00edze v Praze (9.ro\u010dn\u00edk) &#8211; 6. 11. 2025<\/li>\r\n<li>D\u00fd\u0148ov\u00e1n\u00ed a Halloween &#8211; 31. 10. 2025<\/li>\r\n<li>Podzimn\u00ed pr\u00e1zdniny 27. &#8211; 29. 10. 2025<\/li>\r\n<li>Beseda s \u00daP Rakovn\u00edk (8. a 9.ro\u010dn\u00edk) &#8211; 10. 10. 2025<\/li>\r\n<li>Veletrh vzd\u011bl\u00e1v\u00e1n\u00ed Kladno (8. a 9.ro\u010dn\u00edk) &#8211; 8. 10. 2025<\/li>\r\n<li>V\u00fdchova demokratick\u00e9ho ob\u010dana (6. &#8211; 9.ro\u010dn\u00edk) &#8211; 3. 10. 2025<\/li>\r\n<li>Den evropsk\u00fdch jazyk\u016f (6. &#8211; 9.ro\u010dn\u00edk) &#8211; 28. 9. 2025<\/li>\r\n<\/ul>\r\n<p><span style=\"text-decoration: underline;\"><strong>UPLYNUL\u00c9 AKCE 2024\/2025:<\/strong><\/span><\/p>\r\n<ul>\r\n<li>28. 6. 2025 &#8211; 31. 8. 2025 &#8211; letn\u00ed pr\u00e1zdniny<\/li>\r\n<li>27. 6. 2025 &#8211; hodnocen\u00ed prosp\u011bchu a chov\u00e1n\u00ed (konec do 8,30)<\/li>\r\n<li>24. &#8211; 26. 6. 2025 &#8211; t\u0159\u00eddnick\u00e9 dny<\/li>\r\n<li>21. 6. 2025 &#8211; pr\u016fvodcov\u00e1n\u00ed \u017e\u00e1k\u016f na z\u00e1mku (M\u0161eck\u00e9 l\u00e9to)<\/li>\r\n<li>17. &#8211; 20. 6. 2025 &#8211; Lond\u00fdn<\/li>\r\n<li>Olympi\u00e1da (ODM) M\u0161ec \u2013 12. 6. 2025<\/li>\r\n<li>\u0158editelsk\u00e9 volno 9. 5. 2025<\/li>\r\n<li>Focen\u00ed t\u0159\u00edd \u2013 5. 5. 2025<\/li>\r\n<li>\u0158editelsk\u00e9 volno 2. 5. 2025<\/li>\r\n<li>Mlad\u00fd zahr\u00e1dk\u00e1\u0159\u00a0 \u2013 sout\u011b\u017e 4. &#8211; 9. t\u0159\u00edd v Rakovn\u00edku<\/li>\r\n<li>K\u0159ivokl\u00e1tsk\u00e1 sovi\u010dka \u2013 sout\u011b\u017e \u2013 24. 4. 2025<\/li>\r\n<li>Divadlo (6. &#8211; 8.t\u0159.) \u2013 22. 4. 2025<\/li>\r\n<li>Velikono\u010dn\u00ed pr\u00e1zdniny (17. \u2013 21. 4. 2025)<\/li>\r\n<li>Velikono\u010dn\u00ed jarmark \u2013 16. 4. 2025 (15,00 \u2013 17,00)<\/li>\r\n<li>T\u0159\u00eddn\u00ed sch\u016fzky \u2013 15. 4. 2025 (od 17,00)<\/li>\r\n<\/ul>\r\n<p>10. &#8211; 14. 3. &#8211; Barevn\u00fd t\u00fdden<br \/>14. 3. &#8211; Den otev\u0159en\u00fdch dve\u0159\u00ed<br \/>24. &#8211; 28. 2. &#8211; Jarn\u00ed pr\u00e1zdniny<br \/>1. 2. &#8211; Pololetn\u00ed pr\u00e1zdniny<br \/>21. 1. &#8211; T\u0159\u00eddn\u00ed sch\u016fzky<br \/>21. 12. &#8211; 5. 1. &#8211; V\u00e1no\u010dn\u00ed pr\u00e1zdniny<br \/>16. 12. &#8211; Techmania Plze\u0148 (7. &#8211; 9.t\u0159\u00edda)<br \/>5. 12. &#8211; Mikul\u00e1\u0161sk\u00e1 nad\u00edlka ve \u0161kole<br \/>2. &#8211; 10. 12. &#8211; Sb\u011br star\u00e9ho pap\u00edru<br \/>1. 12. &#8211; Zp\u00edv\u00e1n\u00ed a rozsv\u00edcen\u00ed v\u00e1no\u010dn\u00edho stromu ve M\u0161eci\u00a0 &#8211; od 16,30 u z\u00e1mku u p\u00f3dia<br \/>28. 11. &#8211; S\u00e1zen\u00ed aleje ovocn\u00fdch strom\u016f\u00a0<br \/>12. 11. &#8211; T\u0159\u00eddn\u00ed sch\u016fzky<br \/>29. &#8211; 30. 10. &#8211; Podzimn\u00ed pr\u00e1zdniny<br \/>18. 10. &#8211; D\u00fd\u0148ov\u00e1n\u00ed<br \/>27. 9. &#8211; Den evropsk\u00fdch jazyk\u016f\u00a0<br \/>26. 9. &#8211; Multikulturn\u00ed v\u00fdchova (Afrika)<br \/>20. 9. &#8211; V\u00fdchova demokratick\u00e9ho ob\u010dana<\/p>\r\n<p><strong style=\"font-size: 24pt;\"><img loading=\"lazy\" decoding=\"async\" class=\"alignright wp-image-6808 \" src=\"https:\/\/www.skolabezhranic.cz\/msec\/wp-content\/uploads\/2023\/08\/palette-5154013_1280-300x216.webp\" alt=\"\" width=\"181\" height=\"130\" srcset=\"https:\/\/www.skolabezhranic.cz\/msec\/wp-content\/uploads\/2023\/08\/palette-5154013_1280-300x216.webp 300w, https:\/\/www.skolabezhranic.cz\/msec\/wp-content\/uploads\/2023\/08\/palette-5154013_1280-1024x737.webp 1024w, https:\/\/www.skolabezhranic.cz\/msec\/wp-content\/uploads\/2023\/08\/palette-5154013_1280-768x553.webp 768w, https:\/\/www.skolabezhranic.cz\/msec\/wp-content\/uploads\/2023\/08\/palette-5154013_1280.webp 1280w\" sizes=\"auto, (max-width: 181px) 100vw, 181px\" \/><\/strong><\/p>\r\n<p><span style=\"text-decoration: underline;\"><strong>Seznam se\u0161it\u016f a v\u00fdtvarn\u00fdch pot\u0159eb pro \u017e\u00e1ky 6. &#8211; 9. ro\u010dn\u00edku <a href=\"https:\/\/www.skolabezhranic.cz\/msec\/wp-content\/uploads\/2024\/07\/potreby.png\">ZDE<\/a><\/strong><\/span><\/p>\r\n<p><strong style=\"font-size: 24pt;\">Fotogalerie:<\/strong><\/p>\r\n<div class=\"wp-block-group\">\r\n<p>Facebook: <a href=\"https:\/\/www.facebook.com\/ZsMsec\/\" target=\"_blank\" rel=\"noopener\">Z\u0160 M\u0161ec<\/a><\/p>\r\n<p>Instagram: <a href=\"https:\/\/www.instagram.com\/zs_msec\/\" target=\"_blank\" rel=\"noopener\">@zs_msec<\/a><\/p>\r\n<p><span style=\"font-size: 12pt;\">2021\/2022<\/span><\/p>\r\n<\/div><\/div>\r\n<ul>\r\n<li>D\u00fd\u0148ov\u00e1n\u00ed &#8211; fotky <a href=\"https:\/\/luuciiaaseek1.rajce.idnes.cz\/Dynovani_2021\/\">zde<\/a><\/li>\r\n<li>V\u00fdtvarka 6. ro\u010dn\u00edku (stromy) &#8211; fotky <a href=\"https:\/\/zsmsec.rajce.idnes.cz\/Vytvarka_6._rocniku_-_stromy\/\">zde<\/a><\/li>\r\n<li>V\u00fdtvarka 6. ro\u010dn\u00edku (Land art) &#8211; jaro 2022 &#8211; fotky <a href=\"https:\/\/zsmsec.rajce.idnes.cz\/VV_6_-_Land_art\/\">zde<\/a><\/li>\r\n<li>Den jazyk\u016f &#8211; fotky <a href=\"https:\/\/luuciiaaseek.rajce.idnes.cz\/Den_jazyku_2021\/\">zde. \u00a0<\/a><\/li>\r\n<li>M\u0161eck\u00e1 la\u0165ka &#8211; fotky <a href=\"https:\/\/luuciiaaseek1.rajce.idnes.cz\/Skok_do_vysky\/\">zde<\/a><\/li>\r\n<li>Barevn\u00fd t\u00fdden &#8211; fotky <a href=\"https:\/\/luuciiaaseek1.rajce.idnes.cz\/Barevny_tyden_2022\/\">zde<\/a><\/li>\r\n<li>Bubnov\u00e1n\u00ed (2. &#8211; 9. t\u0159\u00edda) &#8211; fotky <a href=\"https:\/\/luuciiaaseek1.rajce.idnes.cz\/Bubnovani_2._-_9._trida\/\">\u00a0zde\u00a0<\/a><\/li>\r\n<\/ul>\r\n<h1 class=\"wp-block-group\"><span style=\"font-size: 12pt;\">2020\/2021<\/span><\/h1>\r\n<ul>\r\n<li>Den jazyk\u016f &#8211; fotky <a href=\"https:\/\/luuciiaaseek.rajce.idnes.cz\/Evropsky_den_jazyku_25.9.2020\/\">zde.<\/a><\/li>\r\n<li>Protidrogov\u00fd vlak &#8211; fotky <a href=\"https:\/\/luciemsec.rajce.idnes.cz\/Protidrogovy_vlak_2020\/\">zde<\/a><\/li>\r\n<\/ul>\r\n<h1 class=\"wp-block-group\">\r\n\r\n<\/h1>\r\n<ul class=\"wp-block-list\"><\/ul>\r\n<h1 class=\"wp-block-group\"><\/h1>\r\n<!-- \/wp:post-content -->","protected":false},"excerpt":{"rendered":"<p>Informace o platb\u00e1ch SEZNAM POM\u016eCEK A SE\u0160IT\u016e pro \u017e\u00e1ky II. stupn\u011b na \u0161k.rok 2026\/2027 Pr\u00e1zdniny ve \u0161koln\u00ed roce 2026\/2027 Rozvrhy 2026\/2027:VI.A\u00a0 \u00a0 \u00a0 \u00a0 \u00a0VI.B\u00a0 \u00a0 \u00a0 \u00a0VII.A\u00a0 \u00a0 \u00a0 \u00a0 \u00a0VII.B\u00a0 \u00a0 \u00a0 \u00a0 \u00a0 VIII.A\u00a0 \u00a0 \u00a0 \u00a0VIII.B\u00a0 \u00a0 \u00a0 \u00a0IX.M PL\u00c1N AKC\u00cd 2026\/2027: Slavnostn\u00ed zah\u00e1jen\u00ed \u0161k.roku 2026\/2027&#46;&#46;&#46;<\/p>\n","protected":false},"author":2,"featured_media":0,"parent":0,"menu_order":0,"comment_status":"closed","ping_status":"closed","template":"","meta":{"footnotes":""},"class_list":["post-6293","page","type-page","status-publish","hentry"],"_links":{"self":[{"href":"https:\/\/www.skolabezhranic.cz\/msec\/index.php\/wp-json\/wp\/v2\/pages\/6293","targetHints":{"allow":["GET"]}}],"collection":[{"href":"https:\/\/www.skolabezhranic.cz\/msec\/index.php\/wp-json\/wp\/v2\/pages"}],"about":[{"href":"https:\/\/www.skolabezhranic.cz\/msec\/index.php\/wp-json\/wp\/v2\/types\/page"}],"author":[{"embeddable":true,"href":"https:\/\/www.skolabezhranic.cz\/msec\/index.php\/wp-json\/wp\/v2\/users\/2"}],"replies":[{"embeddable":true,"href":"https:\/\/www.skolabezhranic.cz\/msec\/index.php\/wp-json\/wp\/v2\/comments?post=6293"}],"version-history":[{"count":67,"href":"https:\/\/www.skolabezhranic.cz\/msec\/index.php\/wp-json\/wp\/v2\/pages\/6293\/revisions"}],"predecessor-version":[{"id":9347,"href":"https:\/\/www.skolabezhranic.cz\/msec\/index.php\/wp-json\/wp\/v2\/pages\/6293\/revisions\/9347"}],"wp:attachment":[{"href":"https:\/\/www.skolabezhranic.cz\/msec\/index.php\/wp-json\/wp\/v2\/media?parent=6293"}],"curies":[{"name":"wp","href":"https:\/\/api.w.org\/{rel}","templated":true}]}}